{"id":927882,"date":"2024-10-04T09:44:27","date_gmt":"2024-10-04T09:44:27","guid":{"rendered":"https:\/\/tenerifecenter.com\/sale\/appartement-libra-adeje-pueblo-adeje\/"},"modified":"2026-09-03T13:09:01","modified_gmt":"2026-09-03T13:09:01","slug":"appartement-libra-adeje-pueblo-adeje-vs9002i","status":"publish","type":"property_sale","link":"https:\/\/tenerifecenter.com\/fr\/sale\/appartement-libra-adeje-pueblo-adeje-vs9002i\/","title":{"rendered":"Appartement Libra, Adeje-Pueblo, Adeje"},"content":{"rendered":"Nous vous proposons ce magnifique appartement dans le centre d&rsquo;Adeje, au sud de Tenerife.\nD\u00e9cor\u00e9 avec style, cet appartement moderne avec deux chambres et deux salles de bains vous permettra de vivre dans le centre d&rsquo;Adeje, entour\u00e9 de tous les services n\u00e9cessaires pour une vie quotidienne confortable, mais \u00e0 seulement quelques minutes du centre touristique et des plages du sud, Costa Adeje.\nVous appr\u00e9cierez son salon spacieux et sa cuisine ouverte, ainsi que sa luminosit\u00e9 tout au long de la journ\u00e9e.\nIl dispose \u00e9galement de deux balcons, l&rsquo;un avec acc\u00e8s direct depuis le salon et l&rsquo;autre avec acc\u00e8s direct depuis l&rsquo;une des chambres.\nL&rsquo;immeuble a \u00e9t\u00e9 construit r\u00e9cemment et a tr\u00e8s peu de voisins qui partagent une terrasse en attique pour en profiter entre amis ou en famille.\nSi vous recherchez un investissement, cet appartement est fait pour vous. Mais si vous cherchez un appartement dans un quartier r\u00e9sidentiel, c&rsquo;est aussi celui qu&rsquo;il vous faut ! Contactez-nous d\u00e8s aujourd&rsquo;hui. Nous nous ferons un plaisir de vous accompagner pour une visite. \n103 m\u00b2 construits, 93 m\u00b2 utilisables\n2 chambres\/2 salles de bains\nBalcon\nPlace de parking incluse dans le prix\nArmoires encastr\u00e9es\nConstruit en 2019\nB\u00e2timent 1er \u00e9tage ext\u00e9rieur. Avec ascenseur\nClimatisation","protected":false},"author":3,"featured_media":0,"comment_status":"closed","ping_status":"closed","template":"","class_list":["post-927882","property_sale","type-property_sale","status-publish","hentry","region_vs-adeje","island_vs-tenerife","city_vs-adeje-pueblo","complex_vs-libra","feature_vs-balcon","feature_vs-climatisation","feature_vs-place-de-parking","type_vs-appartement"],"acf":[],"yoast_head":"<!-- This site is optimized with the Yoast SEO plugin v28.4 - https:\/\/yoast.com\/product\/yoast-seo-wordpress\/ -->\n<title>Appartement \u00e0 Vendre a Adeje-Pueblo, Adeje, Tenerife - T\u00e9n\u00e9rife, Espagne<\/title>\n<meta name=\"description\" content=\"Appartement \u00e0 Vendre: 340000 \u20ac, Superficie totale: 103m2, Salon: 93m2, Chambres: 2, Salles de bain: 2, Garde-robe: 2. Caract\u00e9ristiques: Balcon, Climatisation, Place de parking\" \/>\n<meta name=\"robots\" content=\"index, follow, max-snippet:-1, max-image-preview:large, max-video-preview:-1\" \/>\n<link rel=\"canonical\" href=\"https:\/\/tenerifecenter.com\/fr\/sale\/appartement-libra-adeje-pueblo-adeje-vs9002i\/\" \/>\n<meta property=\"og:locale\" content=\"fr_FR\" \/>\n<meta property=\"og:type\" content=\"article\" \/>\n<meta property=\"og:title\" content=\"Appartement \u00e0 Vendre a Adeje-Pueblo, Adeje, Tenerife - T\u00e9n\u00e9rife, Espagne\" \/>\n<meta property=\"og:description\" content=\"Appartement \u00e0 Vendre: 340000 \u20ac, Superficie totale: 103m2, Salon: 93m2, Chambres: 2, Salles de bain: 2, Garde-robe: 2. Caract\u00e9ristiques: Balcon, Climatisation, Place de parking\" \/>\n<meta property=\"og:url\" content=\"https:\/\/tenerifecenter.com\/fr\/sale\/appartement-libra-adeje-pueblo-adeje-vs9002i\/\" \/>\n<meta property=\"og:site_name\" content=\"VYM Canarias\" \/>\n<meta property=\"article:publisher\" content=\"https:\/\/www.facebook.com\/vym.canarias\" \/>\n<meta property=\"article:modified_time\" content=\"2026-09-03T13:09:01+00:00\" \/>\n<meta property=\"og:image\" content=\"https:\/\/tenerifecenter.com\/wp-content\/uploads\/2019\/11\/vym-canarias-icon-512-whitebg.png\" \/>\n\t<meta property=\"og:image:width\" content=\"512\" \/>\n\t<meta property=\"og:image:height\" content=\"512\" \/>\n\t<meta property=\"og:image:type\" content=\"image\/png\" \/>\n<meta name=\"twitter:card\" content=\"summary_large_image\" \/>\n<meta name=\"twitter:label1\" content=\"Dur\u00e9e de lecture estim\u00e9e\" \/>\n\t<meta name=\"twitter:data1\" content=\"1 minute\" \/>\n<script type=\"application\/ld+json\" class=\"yoast-schema-graph\">{\"@context\":\"https:\\\/\\\/schema.org\",\"@graph\":[{\"@type\":\"WebPage\",\"@id\":\"https:\\\/\\\/tenerifecenter.com\\\/fr\\\/sale\\\/appartement-libra-adeje-pueblo-adeje-vs9002i\\\/\",\"url\":\"https:\\\/\\\/tenerifecenter.com\\\/fr\\\/sale\\\/appartement-libra-adeje-pueblo-adeje-vs9002i\\\/\",\"name\":\"Appartement \u00e0 Vendre a Adeje-Pueblo, Adeje, Tenerife - T\u00e9n\u00e9rife, Espagne\",\"isPartOf\":{\"@id\":\"https:\\\/\\\/tenerifecenter.com\\\/fr\\\/#website\"},\"datePublished\":\"2024-10-04T09:44:27+00:00\",\"dateModified\":\"2026-09-03T13:09:01+00:00\",\"description\":\"Appartement \u00e0 Vendre: 340000 \u20ac, Superficie totale: 103m2, Salon: 93m2, Chambres: 2, Salles de bain: 2, Garde-robe: 2. Caract\u00e9ristiques: Balcon, Climatisation, Place de parking\",\"breadcrumb\":{\"@id\":\"https:\\\/\\\/tenerifecenter.com\\\/fr\\\/sale\\\/appartement-libra-adeje-pueblo-adeje-vs9002i\\\/#breadcrumb\"},\"inLanguage\":\"fr-FR\",\"potentialAction\":[{\"@type\":\"ReadAction\",\"target\":[\"https:\\\/\\\/tenerifecenter.com\\\/fr\\\/sale\\\/appartement-libra-adeje-pueblo-adeje-vs9002i\\\/\"]}]},{\"@type\":\"BreadcrumbList\",\"@id\":\"https:\\\/\\\/tenerifecenter.com\\\/fr\\\/sale\\\/appartement-libra-adeje-pueblo-adeje-vs9002i\\\/#breadcrumb\",\"itemListElement\":[{\"@type\":\"ListItem\",\"position\":1,\"name\":\"Home\",\"item\":\"https:\\\/\\\/tenerifecenter.com\\\/fr\\\/\"},{\"@type\":\"ListItem\",\"position\":2,\"name\":\"Property for sale\",\"item\":\"https:\\\/\\\/tenerifecenter.com\\\/fr\\\/sale\\\/\"},{\"@type\":\"ListItem\",\"position\":3,\"name\":\"Appartement Libra, Adeje-Pueblo, Adeje\"}]},{\"@type\":\"WebSite\",\"@id\":\"https:\\\/\\\/tenerifecenter.com\\\/fr\\\/#website\",\"url\":\"https:\\\/\\\/tenerifecenter.com\\\/fr\\\/\",\"name\":\"VYM Canarias\",\"description\":\"Real Estate - Tenerife\",\"potentialAction\":[{\"@type\":\"SearchAction\",\"target\":{\"@type\":\"EntryPoint\",\"urlTemplate\":\"https:\\\/\\\/tenerifecenter.com\\\/fr\\\/?s={search_term_string}\"},\"query-input\":{\"@type\":\"PropertyValueSpecification\",\"valueRequired\":true,\"valueName\":\"search_term_string\"}}],\"inLanguage\":\"fr-FR\"}]}<\/script>\n<!-- \/ Yoast SEO plugin. -->","yoast_head_json":{"title":"Appartement \u00e0 Vendre a Adeje-Pueblo, Adeje, Tenerife - T\u00e9n\u00e9rife, Espagne","description":"Appartement \u00e0 Vendre: 340000 \u20ac, Superficie totale: 103m2, Salon: 93m2, Chambres: 2, Salles de bain: 2, Garde-robe: 2. Caract\u00e9ristiques: Balcon, Climatisation, Place de parking","robots":{"index":"index","follow":"follow","max-snippet":"max-snippet:-1","max-image-preview":"max-image-preview:large","max-video-preview":"max-video-preview:-1"},"canonical":"https:\/\/tenerifecenter.com\/fr\/sale\/appartement-libra-adeje-pueblo-adeje-vs9002i\/","og_locale":"fr_FR","og_type":"article","og_title":"Appartement \u00e0 Vendre a Adeje-Pueblo, Adeje, Tenerife - T\u00e9n\u00e9rife, Espagne","og_description":"Appartement \u00e0 Vendre: 340000 \u20ac, Superficie totale: 103m2, Salon: 93m2, Chambres: 2, Salles de bain: 2, Garde-robe: 2. Caract\u00e9ristiques: Balcon, Climatisation, Place de parking","og_url":"https:\/\/tenerifecenter.com\/fr\/sale\/appartement-libra-adeje-pueblo-adeje-vs9002i\/","og_site_name":"VYM Canarias","article_publisher":"https:\/\/www.facebook.com\/vym.canarias","article_modified_time":"2026-09-03T13:09:01+00:00","og_image":[{"width":512,"height":512,"url":"https:\/\/tenerifecenter.com\/wp-content\/uploads\/2019\/11\/vym-canarias-icon-512-whitebg.png","type":"image\/png"}],"twitter_card":"summary_large_image","twitter_misc":{"Dur\u00e9e de lecture estim\u00e9e":"1 minute"},"schema":{"@context":"https:\/\/schema.org","@graph":[{"@type":"WebPage","@id":"https:\/\/tenerifecenter.com\/fr\/sale\/appartement-libra-adeje-pueblo-adeje-vs9002i\/","url":"https:\/\/tenerifecenter.com\/fr\/sale\/appartement-libra-adeje-pueblo-adeje-vs9002i\/","name":"Appartement \u00e0 Vendre a Adeje-Pueblo, Adeje, Tenerife - T\u00e9n\u00e9rife, Espagne","isPartOf":{"@id":"https:\/\/tenerifecenter.com\/fr\/#website"},"datePublished":"2024-10-04T09:44:27+00:00","dateModified":"2026-09-03T13:09:01+00:00","description":"Appartement \u00e0 Vendre: 340000 \u20ac, Superficie totale: 103m2, Salon: 93m2, Chambres: 2, Salles de bain: 2, Garde-robe: 2. Caract\u00e9ristiques: Balcon, Climatisation, Place de parking","breadcrumb":{"@id":"https:\/\/tenerifecenter.com\/fr\/sale\/appartement-libra-adeje-pueblo-adeje-vs9002i\/#breadcrumb"},"inLanguage":"fr-FR","potentialAction":[{"@type":"ReadAction","target":["https:\/\/tenerifecenter.com\/fr\/sale\/appartement-libra-adeje-pueblo-adeje-vs9002i\/"]}]},{"@type":"BreadcrumbList","@id":"https:\/\/tenerifecenter.com\/fr\/sale\/appartement-libra-adeje-pueblo-adeje-vs9002i\/#breadcrumb","itemListElement":[{"@type":"ListItem","position":1,"name":"Home","item":"https:\/\/tenerifecenter.com\/fr\/"},{"@type":"ListItem","position":2,"name":"Property for sale","item":"https:\/\/tenerifecenter.com\/fr\/sale\/"},{"@type":"ListItem","position":3,"name":"Appartement Libra, Adeje-Pueblo, Adeje"}]},{"@type":"WebSite","@id":"https:\/\/tenerifecenter.com\/fr\/#website","url":"https:\/\/tenerifecenter.com\/fr\/","name":"VYM Canarias","description":"Real Estate - Tenerife","potentialAction":[{"@type":"SearchAction","target":{"@type":"EntryPoint","urlTemplate":"https:\/\/tenerifecenter.com\/fr\/?s={search_term_string}"},"query-input":{"@type":"PropertyValueSpecification","valueRequired":true,"valueName":"search_term_string"}}],"inLanguage":"fr-FR"}]}},"_links":{"self":[{"href":"https:\/\/tenerifecenter.com\/fr\/wp-json\/wp\/v2\/property_sale\/927882","targetHints":{"allow":["GET"]}}],"collection":[{"href":"https:\/\/tenerifecenter.com\/fr\/wp-json\/wp\/v2\/property_sale"}],"about":[{"href":"https:\/\/tenerifecenter.com\/fr\/wp-json\/wp\/v2\/types\/property_sale"}],"author":[{"embeddable":true,"href":"https:\/\/tenerifecenter.com\/fr\/wp-json\/wp\/v2\/users\/3"}],"replies":[{"embeddable":true,"href":"https:\/\/tenerifecenter.com\/fr\/wp-json\/wp\/v2\/comments?post=927882"}],"wp:attachment":[{"href":"https:\/\/tenerifecenter.com\/fr\/wp-json\/wp\/v2\/media?parent=927882"}],"curies":[{"name":"wp","href":"https:\/\/api.w.org\/{rel}","templated":true}]}}