{"id":1586487,"date":"2025-08-25T15:05:21","date_gmt":"2025-08-25T15:05:21","guid":{"rendered":"https:\/\/tenerifecenter.com\/sale\/maison-villa-callao-salvaje-adeje\/"},"modified":"2026-03-19T21:14:04","modified_gmt":"2026-03-19T21:14:04","slug":"maison-villa-callao-salvaje-adeje-vs5189i","status":"publish","type":"property_sale","link":"https:\/\/tenerifecenter.com\/fr\/sale\/maison-villa-callao-salvaje-adeje-vs5189i\/","title":{"rendered":"Maison \/ Villa Callao Salvaje, Adeje"},"content":{"rendered":"Spacieuse villa lumineuse \u00e0 vendre \u00e0 Callao Salvaje. Emplacement priv\u00e9. La villa est sur plusieurs niveaux et comprend trois chambres, trois salles de bains. Cuisine s\u00e9par\u00e9e avec salon, jardin, barbecue, sauna et piscine. Il y a \u00e9galement un sous-sol de 70 m\u00b2 qui peut \u00eatre am\u00e9nag\u00e9 en salle de sport, cin\u00e9ma, espace d\u00e9tente, etc. \u00c0 4 minutes en voiture de la plage. Quartier calme.","protected":false},"author":3,"featured_media":0,"comment_status":"closed","ping_status":"closed","template":"","class_list":["post-1586487","property_sale","type-property_sale","status-publish","hentry","region_vs-adeje","island_vs-tenerife","city_vs-callao-salvaje","feature_vs-climatisation","feature_vs-jardin-prive","feature_vs-piscine-privee","feature_vs-place-de-parking","feature_vs-reduit-local-de-rangement-debarras","feature_vs-terrasse","feature_vs-vue-sur-locean","type_vs-maison-villa"],"acf":[],"yoast_head":"<!-- This site is optimized with the Yoast SEO plugin v27.5 - https:\/\/yoast.com\/product\/yoast-seo-wordpress\/ -->\n<title>Maison \/ Villa \u00e0 Vendre a Callao Salvaje, Adeje, Tenerife - T\u00e9n\u00e9rife, Espagne<\/title>\n<meta name=\"description\" content=\"Maison \/ Villa \u00e0 Vendre: 890000 \u20ac, Superficie totale: 250m2, Superficie du terrain: 456m2, Chambres: 3, Salles de bain: 2, Toilettes: 1, Pi\u00e8ce de stockage: 1,. Caract\u00e9ristiques: Climatisation, Jardin priv\u00e9, Piscine priv\u00e9e, Place de parking, Reduit - Local de rangement. D\u00e9barras, Terrasse, Vue sur l&#039;oc\u00e9an\" \/>\n<meta name=\"robots\" content=\"index, follow, max-snippet:-1, max-image-preview:large, max-video-preview:-1\" \/>\n<link rel=\"canonical\" href=\"https:\/\/tenerifecenter.com\/fr\/sale\/maison-villa-callao-salvaje-adeje-vs5189i\/\" \/>\n<meta property=\"og:locale\" content=\"fr_FR\" \/>\n<meta property=\"og:type\" content=\"article\" \/>\n<meta property=\"og:title\" content=\"Maison \/ Villa \u00e0 Vendre a Callao Salvaje, Adeje, Tenerife - T\u00e9n\u00e9rife, Espagne\" \/>\n<meta property=\"og:description\" content=\"Maison \/ Villa \u00e0 Vendre: 890000 \u20ac, Superficie totale: 250m2, Superficie du terrain: 456m2, Chambres: 3, Salles de bain: 2, Toilettes: 1, Pi\u00e8ce de stockage: 1,. Caract\u00e9ristiques: Climatisation, Jardin priv\u00e9, Piscine priv\u00e9e, Place de parking, Reduit - Local de rangement. D\u00e9barras, Terrasse, Vue sur l&#039;oc\u00e9an\" \/>\n<meta property=\"og:url\" content=\"https:\/\/tenerifecenter.com\/fr\/sale\/maison-villa-callao-salvaje-adeje-vs5189i\/\" \/>\n<meta property=\"og:site_name\" content=\"VYM Canarias\" \/>\n<meta property=\"article:publisher\" content=\"https:\/\/www.facebook.com\/vym.canarias\" \/>\n<meta property=\"article:modified_time\" content=\"2026-03-19T21:14:04+00:00\" \/>\n<meta property=\"og:image\" content=\"https:\/\/tenerifecenter.com\/wp-content\/uploads\/2019\/11\/vym-canarias-icon-512-whitebg.png\" \/>\n\t<meta property=\"og:image:width\" content=\"512\" \/>\n\t<meta property=\"og:image:height\" content=\"512\" \/>\n\t<meta property=\"og:image:type\" content=\"image\/png\" \/>\n<meta name=\"twitter:card\" content=\"summary_large_image\" \/>\n<script type=\"application\/ld+json\" class=\"yoast-schema-graph\">{\"@context\":\"https:\\\/\\\/schema.org\",\"@graph\":[{\"@type\":\"WebPage\",\"@id\":\"https:\\\/\\\/tenerifecenter.com\\\/fr\\\/sale\\\/maison-villa-callao-salvaje-adeje-vs5189i\\\/\",\"url\":\"https:\\\/\\\/tenerifecenter.com\\\/fr\\\/sale\\\/maison-villa-callao-salvaje-adeje-vs5189i\\\/\",\"name\":\"Maison \\\/ Villa \u00e0 Vendre a Callao Salvaje, Adeje, Tenerife - T\u00e9n\u00e9rife, Espagne\",\"isPartOf\":{\"@id\":\"https:\\\/\\\/tenerifecenter.com\\\/fr\\\/#website\"},\"datePublished\":\"2025-08-25T15:05:21+00:00\",\"dateModified\":\"2026-03-19T21:14:04+00:00\",\"description\":\"Maison \\\/ Villa \u00e0 Vendre: 890000 \u20ac, Superficie totale: 250m2, Superficie du terrain: 456m2, Chambres: 3, Salles de bain: 2, Toilettes: 1, Pi\u00e8ce de stockage: 1,. Caract\u00e9ristiques: Climatisation, Jardin priv\u00e9, Piscine priv\u00e9e, Place de parking, Reduit - Local de rangement. D\u00e9barras, Terrasse, Vue sur l'oc\u00e9an\",\"breadcrumb\":{\"@id\":\"https:\\\/\\\/tenerifecenter.com\\\/fr\\\/sale\\\/maison-villa-callao-salvaje-adeje-vs5189i\\\/#breadcrumb\"},\"inLanguage\":\"fr-FR\",\"potentialAction\":[{\"@type\":\"ReadAction\",\"target\":[\"https:\\\/\\\/tenerifecenter.com\\\/fr\\\/sale\\\/maison-villa-callao-salvaje-adeje-vs5189i\\\/\"]}]},{\"@type\":\"BreadcrumbList\",\"@id\":\"https:\\\/\\\/tenerifecenter.com\\\/fr\\\/sale\\\/maison-villa-callao-salvaje-adeje-vs5189i\\\/#breadcrumb\",\"itemListElement\":[{\"@type\":\"ListItem\",\"position\":1,\"name\":\"Home\",\"item\":\"https:\\\/\\\/tenerifecenter.com\\\/fr\\\/\"},{\"@type\":\"ListItem\",\"position\":2,\"name\":\"Property for sale\",\"item\":\"https:\\\/\\\/tenerifecenter.com\\\/fr\\\/sale\\\/\"},{\"@type\":\"ListItem\",\"position\":3,\"name\":\"Maison \\\/ Villa Callao Salvaje, Adeje\"}]},{\"@type\":\"WebSite\",\"@id\":\"https:\\\/\\\/tenerifecenter.com\\\/fr\\\/#website\",\"url\":\"https:\\\/\\\/tenerifecenter.com\\\/fr\\\/\",\"name\":\"VYM Canarias\",\"description\":\"Real Estate - Tenerife\",\"potentialAction\":[{\"@type\":\"SearchAction\",\"target\":{\"@type\":\"EntryPoint\",\"urlTemplate\":\"https:\\\/\\\/tenerifecenter.com\\\/fr\\\/?s={search_term_string}\"},\"query-input\":{\"@type\":\"PropertyValueSpecification\",\"valueRequired\":true,\"valueName\":\"search_term_string\"}}],\"inLanguage\":\"fr-FR\"}]}<\/script>\n<!-- \/ Yoast SEO plugin. -->","yoast_head_json":{"title":"Maison \/ Villa \u00e0 Vendre a Callao Salvaje, Adeje, Tenerife - T\u00e9n\u00e9rife, Espagne","description":"Maison \/ Villa \u00e0 Vendre: 890000 \u20ac, Superficie totale: 250m2, Superficie du terrain: 456m2, Chambres: 3, Salles de bain: 2, Toilettes: 1, Pi\u00e8ce de stockage: 1,. Caract\u00e9ristiques: Climatisation, Jardin priv\u00e9, Piscine priv\u00e9e, Place de parking, Reduit - Local de rangement. D\u00e9barras, Terrasse, Vue sur l'oc\u00e9an","robots":{"index":"index","follow":"follow","max-snippet":"max-snippet:-1","max-image-preview":"max-image-preview:large","max-video-preview":"max-video-preview:-1"},"canonical":"https:\/\/tenerifecenter.com\/fr\/sale\/maison-villa-callao-salvaje-adeje-vs5189i\/","og_locale":"fr_FR","og_type":"article","og_title":"Maison \/ Villa \u00e0 Vendre a Callao Salvaje, Adeje, Tenerife - T\u00e9n\u00e9rife, Espagne","og_description":"Maison \/ Villa \u00e0 Vendre: 890000 \u20ac, Superficie totale: 250m2, Superficie du terrain: 456m2, Chambres: 3, Salles de bain: 2, Toilettes: 1, Pi\u00e8ce de stockage: 1,. Caract\u00e9ristiques: Climatisation, Jardin priv\u00e9, Piscine priv\u00e9e, Place de parking, Reduit - Local de rangement. D\u00e9barras, Terrasse, Vue sur l'oc\u00e9an","og_url":"https:\/\/tenerifecenter.com\/fr\/sale\/maison-villa-callao-salvaje-adeje-vs5189i\/","og_site_name":"VYM Canarias","article_publisher":"https:\/\/www.facebook.com\/vym.canarias","article_modified_time":"2026-03-19T21:14:04+00:00","og_image":[{"width":512,"height":512,"url":"https:\/\/tenerifecenter.com\/wp-content\/uploads\/2019\/11\/vym-canarias-icon-512-whitebg.png","type":"image\/png"}],"twitter_card":"summary_large_image","schema":{"@context":"https:\/\/schema.org","@graph":[{"@type":"WebPage","@id":"https:\/\/tenerifecenter.com\/fr\/sale\/maison-villa-callao-salvaje-adeje-vs5189i\/","url":"https:\/\/tenerifecenter.com\/fr\/sale\/maison-villa-callao-salvaje-adeje-vs5189i\/","name":"Maison \/ Villa \u00e0 Vendre a Callao Salvaje, Adeje, Tenerife - T\u00e9n\u00e9rife, Espagne","isPartOf":{"@id":"https:\/\/tenerifecenter.com\/fr\/#website"},"datePublished":"2025-08-25T15:05:21+00:00","dateModified":"2026-03-19T21:14:04+00:00","description":"Maison \/ Villa \u00e0 Vendre: 890000 \u20ac, Superficie totale: 250m2, Superficie du terrain: 456m2, Chambres: 3, Salles de bain: 2, Toilettes: 1, Pi\u00e8ce de stockage: 1,. Caract\u00e9ristiques: Climatisation, Jardin priv\u00e9, Piscine priv\u00e9e, Place de parking, Reduit - Local de rangement. D\u00e9barras, Terrasse, Vue sur l'oc\u00e9an","breadcrumb":{"@id":"https:\/\/tenerifecenter.com\/fr\/sale\/maison-villa-callao-salvaje-adeje-vs5189i\/#breadcrumb"},"inLanguage":"fr-FR","potentialAction":[{"@type":"ReadAction","target":["https:\/\/tenerifecenter.com\/fr\/sale\/maison-villa-callao-salvaje-adeje-vs5189i\/"]}]},{"@type":"BreadcrumbList","@id":"https:\/\/tenerifecenter.com\/fr\/sale\/maison-villa-callao-salvaje-adeje-vs5189i\/#breadcrumb","itemListElement":[{"@type":"ListItem","position":1,"name":"Home","item":"https:\/\/tenerifecenter.com\/fr\/"},{"@type":"ListItem","position":2,"name":"Property for sale","item":"https:\/\/tenerifecenter.com\/fr\/sale\/"},{"@type":"ListItem","position":3,"name":"Maison \/ Villa Callao Salvaje, Adeje"}]},{"@type":"WebSite","@id":"https:\/\/tenerifecenter.com\/fr\/#website","url":"https:\/\/tenerifecenter.com\/fr\/","name":"VYM Canarias","description":"Real Estate - Tenerife","potentialAction":[{"@type":"SearchAction","target":{"@type":"EntryPoint","urlTemplate":"https:\/\/tenerifecenter.com\/fr\/?s={search_term_string}"},"query-input":{"@type":"PropertyValueSpecification","valueRequired":true,"valueName":"search_term_string"}}],"inLanguage":"fr-FR"}]}},"_links":{"self":[{"href":"https:\/\/tenerifecenter.com\/fr\/wp-json\/wp\/v2\/property_sale\/1586487","targetHints":{"allow":["GET"]}}],"collection":[{"href":"https:\/\/tenerifecenter.com\/fr\/wp-json\/wp\/v2\/property_sale"}],"about":[{"href":"https:\/\/tenerifecenter.com\/fr\/wp-json\/wp\/v2\/types\/property_sale"}],"author":[{"embeddable":true,"href":"https:\/\/tenerifecenter.com\/fr\/wp-json\/wp\/v2\/users\/3"}],"replies":[{"embeddable":true,"href":"https:\/\/tenerifecenter.com\/fr\/wp-json\/wp\/v2\/comments?post=1586487"}],"wp:attachment":[{"href":"https:\/\/tenerifecenter.com\/fr\/wp-json\/wp\/v2\/media?parent=1586487"}],"curies":[{"name":"wp","href":"https:\/\/api.w.org\/{rel}","templated":true}]}}